{"id":2,"date":"2015-08-24T10:28:42","date_gmt":"2015-08-24T10:28:42","guid":{"rendered":"http:\/\/laremisedejulien.fr\/?page_id=2"},"modified":"2020-04-21T16:13:00","modified_gmt":"2020-04-21T16:13:00","slug":"page-d-exemple","status":"publish","type":"page","link":"https:\/\/www.laremisedejulien.fr\/","title":{"rendered":"LA REMISE DE JULIEN"},"content":{"rendered":"<p><a href=\"http:\/\/www.laremisedejulien.fr\/wp-content\/uploads\/2016\/07\/DSC_0903-e1467727102312.jpg\"><img loading=\"lazy\" decoding=\"async\" class=\"alignnone wp-image-40 size-large\" src=\"http:\/\/www.laremisedejulien.fr\/wp-content\/uploads\/2016\/07\/DSC_0903-1024x685.jpg\" alt=\"\" width=\"474\" height=\"317\"><\/a><\/p>\n<p><a href=\"http:\/\/www.laremisedejulien.fr\/wp-content\/uploads\/2020\/04\/DSC_0916-e1587392948772.jpg\"><img loading=\"lazy\" decoding=\"async\" class=\"size-medium wp-image-276 alignright\" src=\"http:\/\/www.laremisedejulien.fr\/wp-content\/uploads\/2020\/04\/DSC_0916-300x201.jpg\" alt=\"\" width=\"300\" height=\"201\"><\/a><a href=\"http:\/\/www.laremisedejulien.fr\/wp-content\/uploads\/2016\/07\/DSC_0905-e1467727081468.jpg\"><img loading=\"lazy\" decoding=\"async\" class=\"size-medium wp-image-41 alignleft\" src=\"http:\/\/www.laremisedejulien.fr\/wp-content\/uploads\/2016\/07\/DSC_0905-300x201.jpg\" alt=\"\" width=\"300\" height=\"201\"><\/a>Rouveret, hameau du Causse-M\u00e9jean, tr\u00e8s calme et lumineux, se trouve en cr\u00eate des Gorges du Tarn, au niveau du village de La Mal\u00e8ne.<\/p>\n<p>&nbsp; &nbsp;tel 06 07 90 52 65&nbsp; &nbsp; &nbsp; &nbsp; &nbsp; &nbsp; &nbsp; &nbsp; &nbsp; &nbsp; &nbsp; &nbsp; &nbsp; &nbsp; &nbsp; &nbsp; &nbsp; &nbsp;<\/p>\n\n\n<p>   A visionner:<a href=\"https:\/\/youtu.be\/qk5Gwqhyyv4\"> Les Bateliers de La Mal\u00e8ne<\/a><\/p>\n\n\n\n<p><\/p>\n\n\n\n<p>En savoir plus sur <a rel=\"noreferrer noopener\" href=\"http:\/\/www.france-balades.fr\/GITE\/lozere\/la-remise-de-julien\/\" target=\"_blank\">La Remise de Julien<\/a>, <a rel=\"noreferrer noopener\" href=\"http:\/\/www.france-balades.fr\/GITE\/\" target=\"_blank\">un gite<\/a> en <a rel=\"noreferrer noopener\" href=\"http:\/\/www.france-balades.fr\/GITE\/lozere\/\" target=\"_blank\">Lozere<\/a>, 48210 <a rel=\"noreferrer noopener\" href=\"http:\/\/www.france-balades.fr\/GITE\/lozere\/la-malene\/\" target=\"_blank\">La malene<\/a> et sur les plus beaux <a rel=\"noreferrer noopener\" href=\"http:\/\/www.chambres-hotes-en-france.com\" target=\"_blank\">guides de tourisme<\/a> de <a rel=\"noreferrer noopener\" href=\"http:\/\/www.france-balades.fr\" target=\"_blank\">www.france-balades.fr<\/a> :  <a rel=\"noreferrer noopener\" href=\"http:\/\/www.france-balades.fr\/GITE\/toutes-les-idees\/\" target=\"_blank\">Id\u00e9es de vacances<\/a>, s\u00e9jours et <a rel=\"noreferrer noopener\" href=\"http:\/\/www.france-balades.fr\/GITE\/promotion\/\" target=\"_blank\">promotions<\/a>, <a rel=\"noreferrer noopener\" href=\"http:\/\/www.une-chambre.fr\" target=\"_blank\">en chambres d&rsquo;h\u00f4tes<\/a>,  <a rel=\"noreferrer noopener\" href=\"http:\/\/www.un-gite.fr\" target=\"_blank\">g\u00eetes<\/a> et <a rel=\"noreferrer noopener\" href=\"http:\/\/www.une-location.fr\" target=\"_blank\">locations de vacances<\/a> en France<\/p>\n\n\n\n<p><\/p>\n","protected":false},"excerpt":{"rendered":"<p>Rouveret, hameau du Causse-M\u00e9jean, tr\u00e8s calme et lumineux, se trouve en cr\u00eate des Gorges du Tarn, au niveau du village de La Mal\u00e8ne. &nbsp; &nbsp;tel 06 07 90 52 65&nbsp; &nbsp; &nbsp; &nbsp; &nbsp; &nbsp; &nbsp; &nbsp; &nbsp; &nbsp; &nbsp; &nbsp; &nbsp; &nbsp; &nbsp; &nbsp; &nbsp; &nbsp; A visionner: Les Bateliers de La Mal\u00e8ne En &hellip; <a href=\"https:\/\/www.laremisedejulien.fr\/\" class=\"more-link\">Continuer la lecture de <span class=\"screen-reader-text\">LA REMISE DE JULIEN<\/span>  <span class=\"meta-nav\">&rarr;<\/span><\/a><\/p>\n","protected":false},"author":1,"featured_media":0,"parent":0,"menu_order":0,"comment_status":"closed","ping_status":"closed","template":"","meta":{"footnotes":""},"_links":{"self":[{"href":"https:\/\/www.laremisedejulien.fr\/index.php?rest_route=\/wp\/v2\/pages\/2"}],"collection":[{"href":"https:\/\/www.laremisedejulien.fr\/index.php?rest_route=\/wp\/v2\/pages"}],"about":[{"href":"https:\/\/www.laremisedejulien.fr\/index.php?rest_route=\/wp\/v2\/types\/page"}],"author":[{"embeddable":true,"href":"https:\/\/www.laremisedejulien.fr\/index.php?rest_route=\/wp\/v2\/users\/1"}],"replies":[{"embeddable":true,"href":"https:\/\/www.laremisedejulien.fr\/index.php?rest_route=%2Fwp%2Fv2%2Fcomments&post=2"}],"version-history":[{"count":35,"href":"https:\/\/www.laremisedejulien.fr\/index.php?rest_route=\/wp\/v2\/pages\/2\/revisions"}],"predecessor-version":[{"id":449,"href":"https:\/\/www.laremisedejulien.fr\/index.php?rest_route=\/wp\/v2\/pages\/2\/revisions\/449"}],"wp:attachment":[{"href":"https:\/\/www.laremisedejulien.fr\/index.php?rest_route=%2Fwp%2Fv2%2Fmedia&parent=2"}],"curies":[{"name":"wp","href":"https:\/\/api.w.org\/{rel}","templated":true}]}}